{"id":60,"date":"2023-06-26T11:02:53","date_gmt":"2023-06-26T11:02:53","guid":{"rendered":"https:\/\/marmeladasamorena.es\/?page_id=60"},"modified":"2023-09-14T10:57:40","modified_gmt":"2023-09-14T10:57:40","slug":"somos","status":"publish","type":"page","link":"https:\/\/marmeladasamorena.es\/index.php\/somos\/","title":{"rendered":"Somos"},"content":{"rendered":"\t\t<div data-elementor-type=\"wp-page\" data-elementor-id=\"60\" class=\"elementor elementor-60\">\n\t\t\t\t\t\t<section class=\"elementor-section elementor-top-section elementor-element elementor-element-a0b4131 elementor-section-full_width elementor-section-stretched elementor-section-height-default elementor-section-height-default wpr-particle-no wpr-jarallax-no wpr-parallax-no wpr-sticky-section-no\" data-id=\"a0b4131\" data-element_type=\"section\" data-e-type=\"section\" data-settings=\"{&quot;stretch_section&quot;:&quot;section-stretched&quot;,&quot;background_background&quot;:&quot;classic&quot;}\">\n\t\t\t\t\t\t<div class=\"elementor-container elementor-column-gap-default\">\n\t\t\t\t\t<div class=\"elementor-column elementor-col-100 elementor-top-column elementor-element elementor-element-c3f3780\" data-id=\"c3f3780\" data-element_type=\"column\" data-e-type=\"column\">\n\t\t\t<div class=\"elementor-widget-wrap elementor-element-populated\">\n\t\t\t\t\t\t<div class=\"elementor-element elementor-element-fd6ccd3 elementor-invisible elementor-widget elementor-widget-text-editor\" data-id=\"fd6ccd3\" data-element_type=\"widget\" data-e-type=\"widget\" data-settings=\"{&quot;_animation&quot;:&quot;fadeIn&quot;}\" data-widget_type=\"text-editor.default\">\n\t\t\t\t<div class=\"elementor-widget-container\">\n\t\t\t\t\t\t\t\t\t<h1 style=\"text-align: center;\"><strong>SOMOS<\/strong><\/h1>\t\t\t\t\t\t\t\t<\/div>\n\t\t\t\t<\/div>\n\t\t\t\t\t<\/div>\n\t\t<\/div>\n\t\t\t\t\t<\/div>\n\t\t<\/section>\n\t\t\t\t<section class=\"elementor-section elementor-top-section elementor-element elementor-element-f4a33e4 elementor-section-boxed elementor-section-height-default elementor-section-height-default wpr-particle-no wpr-jarallax-no wpr-parallax-no wpr-sticky-section-no\" data-id=\"f4a33e4\" data-element_type=\"section\" data-e-type=\"section\">\n\t\t\t\t\t\t<div class=\"elementor-container elementor-column-gap-default\">\n\t\t\t\t\t<div class=\"elementor-column elementor-col-50 elementor-top-column elementor-element elementor-element-7a3e252 elementor-invisible\" data-id=\"7a3e252\" data-element_type=\"column\" data-e-type=\"column\" data-settings=\"{&quot;animation&quot;:&quot;fadeInLeft&quot;}\">\n\t\t\t<div class=\"elementor-widget-wrap elementor-element-populated\">\n\t\t\t\t\t\t<div class=\"elementor-element elementor-element-4c66d78 elementor-widget elementor-widget-text-editor\" data-id=\"4c66d78\" data-element_type=\"widget\" data-e-type=\"widget\" data-widget_type=\"text-editor.default\">\n\t\t\t\t<div class=\"elementor-widget-container\">\n\t\t\t\t\t\t\t\t\t<p>Mi Abuela&#8230; A Morena<\/p>\t\t\t\t\t\t\t\t<\/div>\n\t\t\t\t<\/div>\n\t\t\t\t<div class=\"elementor-element elementor-element-ea350fb elementor-widget elementor-widget-text-editor\" data-id=\"ea350fb\" data-element_type=\"widget\" data-e-type=\"widget\" data-widget_type=\"text-editor.default\">\n\t\t\t\t<div class=\"elementor-widget-container\">\n\t\t\t\t\t\t\t\t\t<p>El nombre de A Morena viene de mi abuela Isabel, la \u00fanica hermana morena entre todas las rubias.<\/p><p>Yo soy Cristina, \u00aba neta da Morena\u00bb. Regres\u00e9 a mi aldea, Sargadelos, a iniciar este proyecto de mermeladas artesanas y respetuosas con el medio ambiente, dar un giro a la vida, vivir feliz y satisfecha con el trabajo realizado cada d\u00eda.<\/p><p>El sonido del agua, el viento en los \u00e1rboles y la calma combinados con el esfuerzo y dedicaci\u00f3n de nuestro trabajo nos permiten ofrecer un producto delicioso. Una exquisita mermelada.<\/p>\t\t\t\t\t\t\t\t<\/div>\n\t\t\t\t<\/div>\n\t\t\t\t\t<\/div>\n\t\t<\/div>\n\t\t\t\t<div class=\"elementor-column elementor-col-50 elementor-top-column elementor-element elementor-element-cd8b4cd elementor-invisible\" data-id=\"cd8b4cd\" data-element_type=\"column\" data-e-type=\"column\" data-settings=\"{&quot;animation&quot;:&quot;fadeInRight&quot;}\">\n\t\t\t<div class=\"elementor-widget-wrap elementor-element-populated\">\n\t\t\t\t\t\t<div class=\"elementor-element elementor-element-2420780 elementor-widget elementor-widget-image\" data-id=\"2420780\" data-element_type=\"widget\" data-e-type=\"widget\" data-widget_type=\"image.default\">\n\t\t\t\t<div class=\"elementor-widget-container\">\n\t\t\t\t\t\t\t\t\t\t\t\t\t\t\t<img fetchpriority=\"high\" decoding=\"async\" width=\"650\" height=\"750\" src=\"https:\/\/marmeladasamorena.es\/wp-content\/uploads\/2023\/06\/avoa-marmeladas-morena.jpg\" class=\"attachment-large size-large wp-image-40\" alt=\"\" srcset=\"https:\/\/marmeladasamorena.es\/wp-content\/uploads\/2023\/06\/avoa-marmeladas-morena.jpg 650w, https:\/\/marmeladasamorena.es\/wp-content\/uploads\/2023\/06\/avoa-marmeladas-morena-260x300.jpg 260w\" sizes=\"(max-width: 650px) 100vw, 650px\" \/>\t\t\t\t\t\t\t\t\t\t\t\t\t\t\t<\/div>\n\t\t\t\t<\/div>\n\t\t\t\t\t<\/div>\n\t\t<\/div>\n\t\t\t\t\t<\/div>\n\t\t<\/section>\n\t\t\t\t<section class=\"elementor-section elementor-top-section elementor-element elementor-element-9d50f29 elementor-reverse-tablet elementor-reverse-mobile elementor-section-boxed elementor-section-height-default elementor-section-height-default wpr-particle-no wpr-jarallax-no wpr-parallax-no wpr-sticky-section-no\" data-id=\"9d50f29\" data-element_type=\"section\" data-e-type=\"section\">\n\t\t\t\t\t\t<div class=\"elementor-container elementor-column-gap-default\">\n\t\t\t\t\t<div class=\"elementor-column elementor-col-50 elementor-top-column elementor-element elementor-element-9df18f4 elementor-invisible\" data-id=\"9df18f4\" data-element_type=\"column\" data-e-type=\"column\" data-settings=\"{&quot;animation&quot;:&quot;fadeInLeft&quot;}\">\n\t\t\t<div class=\"elementor-widget-wrap elementor-element-populated\">\n\t\t\t\t\t\t<div class=\"elementor-element elementor-element-cdc64d9 elementor-widget elementor-widget-image\" data-id=\"cdc64d9\" data-element_type=\"widget\" data-e-type=\"widget\" data-widget_type=\"image.default\">\n\t\t\t\t<div class=\"elementor-widget-container\">\n\t\t\t\t\t\t\t\t\t\t\t\t\t\t\t<img decoding=\"async\" width=\"650\" height=\"750\" src=\"https:\/\/marmeladasamorena.es\/wp-content\/uploads\/2023\/07\/somos-obrador.jpg\" class=\"attachment-large size-large wp-image-186\" alt=\"\" srcset=\"https:\/\/marmeladasamorena.es\/wp-content\/uploads\/2023\/07\/somos-obrador.jpg 650w, https:\/\/marmeladasamorena.es\/wp-content\/uploads\/2023\/07\/somos-obrador-260x300.jpg 260w\" sizes=\"(max-width: 650px) 100vw, 650px\" \/>\t\t\t\t\t\t\t\t\t\t\t\t\t\t\t<\/div>\n\t\t\t\t<\/div>\n\t\t\t\t\t<\/div>\n\t\t<\/div>\n\t\t\t\t<div class=\"elementor-column elementor-col-50 elementor-top-column elementor-element elementor-element-8e0b9fb elementor-invisible\" data-id=\"8e0b9fb\" data-element_type=\"column\" data-e-type=\"column\" data-settings=\"{&quot;animation&quot;:&quot;fadeInRight&quot;}\">\n\t\t\t<div class=\"elementor-widget-wrap elementor-element-populated\">\n\t\t\t\t\t\t<div class=\"elementor-element elementor-element-8e403d9 elementor-widget elementor-widget-text-editor\" data-id=\"8e403d9\" data-element_type=\"widget\" data-e-type=\"widget\" data-widget_type=\"text-editor.default\">\n\t\t\t\t<div class=\"elementor-widget-container\">\n\t\t\t\t\t\t\t\t\t<p>Nuestro obrador<\/p>\t\t\t\t\t\t\t\t<\/div>\n\t\t\t\t<\/div>\n\t\t\t\t<div class=\"elementor-element elementor-element-749456e elementor-widget elementor-widget-text-editor\" data-id=\"749456e\" data-element_type=\"widget\" data-e-type=\"widget\" data-widget_type=\"text-editor.default\">\n\t\t\t\t<div class=\"elementor-widget-container\">\n\t\t\t\t\t\t\t\t\t<p>Nuestro obrador est\u00e1 donde Raimundo Ib\u00e1\u00f1ez (Marqu\u00e9s de Sargadelos) comenz\u00f3 su andadura industrial a finales del S. XVIII, en el Conjunto Hist\u00f3rico Art\u00edstico de Sargadelos (Cervo) en la provincia de Lugo.<\/p><p>El Marqu\u00e9s impuls\u00f3 la industrializaci\u00f3n de la zona, creando la primera siderurgia integral de Espa\u00f1a que se pone en marcha en 1791. Entre 1804 y 1807 se sit\u00faa el nacimiento de la f\u00e1brica de cer\u00e1mica que supuso el primer establecimiento evolucionado de este sector en el pa\u00eds.<\/p><p>Est\u00e1 ubicado en uno de los edificios que formaba parte del complejo industrial de las antiguas f\u00e1bricas, concretamente en la nave que funcionaba como almac\u00e9n de productos, y que es una de las pocas edificaciones de la \u00e9poca que se conservan intactas en nuestros d\u00edas.<\/p>\t\t\t\t\t\t\t\t<\/div>\n\t\t\t\t<\/div>\n\t\t\t\t\t<\/div>\n\t\t<\/div>\n\t\t\t\t\t<\/div>\n\t\t<\/section>\n\t\t\t\t<section class=\"elementor-section elementor-top-section elementor-element elementor-element-7fe3670 elementor-section-boxed elementor-section-height-default elementor-section-height-default wpr-particle-no wpr-jarallax-no wpr-parallax-no wpr-sticky-section-no\" data-id=\"7fe3670\" data-element_type=\"section\" data-e-type=\"section\">\n\t\t\t\t\t\t<div class=\"elementor-container elementor-column-gap-default\">\n\t\t\t\t\t<div class=\"elementor-column elementor-col-100 elementor-top-column elementor-element elementor-element-f75cf3e\" data-id=\"f75cf3e\" data-element_type=\"column\" data-e-type=\"column\">\n\t\t\t<div class=\"elementor-widget-wrap elementor-element-populated\">\n\t\t\t\t\t\t<div class=\"elementor-element elementor-element-72b6e4c elementor-widget elementor-widget-text-editor\" data-id=\"72b6e4c\" data-element_type=\"widget\" data-e-type=\"widget\" data-widget_type=\"text-editor.default\">\n\t\t\t\t<div class=\"elementor-widget-container\">\n\t\t\t\t\t\t\t\t\t<p>Amparados por el r\u00edo Xunco, el monte Escarabelada, el Paseo de los Enamorados y la Historia. Un lugar perfecto para cocinar con calma, mimo y paciencia.<\/p>\t\t\t\t\t\t\t\t<\/div>\n\t\t\t\t<\/div>\n\t\t\t\t\t<\/div>\n\t\t<\/div>\n\t\t\t\t\t<\/div>\n\t\t<\/section>\n\t\t\t\t<section class=\"elementor-section elementor-top-section elementor-element elementor-element-dc0b3c8 elementor-section-full_width elementor-section-stretched elementor-section-height-default elementor-section-height-default wpr-particle-no wpr-jarallax-no wpr-parallax-no\" data-id=\"dc0b3c8\" data-element_type=\"section\" data-e-type=\"section\" data-settings=\"{&quot;stretch_section&quot;:&quot;section-stretched&quot;,&quot;background_background&quot;:&quot;classic&quot;}\">\n\t\t\t\t\t\t<div class=\"elementor-container elementor-column-gap-default\">\n\t\t\t\t\t<div class=\"elementor-column elementor-col-100 elementor-top-column elementor-element elementor-element-eccb703\" data-id=\"eccb703\" data-element_type=\"column\" data-e-type=\"column\">\n\t\t\t<div class=\"elementor-widget-wrap\">\n\t\t\t\t\t\t\t<\/div>\n\t\t<\/div>\n\t\t\t\t\t<\/div>\n\t\t<\/section>\n\t\t\t\t<section class=\"elementor-section elementor-top-section elementor-element elementor-element-710af59 elementor-section-boxed elementor-section-height-default elementor-section-height-default wpr-particle-no wpr-jarallax-no wpr-parallax-no wpr-sticky-section-no\" data-id=\"710af59\" data-element_type=\"section\" data-e-type=\"section\">\n\t\t\t\t\t\t<div class=\"elementor-container elementor-column-gap-default\">\n\t\t\t\t\t<div class=\"elementor-column elementor-col-100 elementor-top-column elementor-element elementor-element-f9c8d93\" data-id=\"f9c8d93\" data-element_type=\"column\" data-e-type=\"column\">\n\t\t\t<div class=\"elementor-widget-wrap elementor-element-populated\">\n\t\t\t\t\t\t<div class=\"elementor-element elementor-element-aeee9e4 elementor-invisible elementor-widget elementor-widget-text-editor\" data-id=\"aeee9e4\" data-element_type=\"widget\" data-e-type=\"widget\" data-settings=\"{&quot;_animation&quot;:&quot;fadeIn&quot;}\" data-widget_type=\"text-editor.default\">\n\t\t\t\t<div class=\"elementor-widget-container\">\n\t\t\t\t\t\t\t\t\t<p><strong>Conoce el verdadero sabor&#8230;<\/strong><\/p>\t\t\t\t\t\t\t\t<\/div>\n\t\t\t\t<\/div>\n\t\t\t\t\t<\/div>\n\t\t<\/div>\n\t\t\t\t\t<\/div>\n\t\t<\/section>\n\t\t\t\t<section class=\"elementor-section elementor-top-section elementor-element elementor-element-75aae84 elementor-section-boxed elementor-section-height-default elementor-section-height-default wpr-particle-no wpr-jarallax-no wpr-parallax-no wpr-sticky-section-no elementor-invisible\" data-id=\"75aae84\" data-element_type=\"section\" data-e-type=\"section\" data-settings=\"{&quot;animation&quot;:&quot;fadeInLeft&quot;}\">\n\t\t\t\t\t\t<div class=\"elementor-container elementor-column-gap-default\">\n\t\t\t\t\t<div class=\"elementor-column elementor-col-25 elementor-top-column elementor-element elementor-element-b808606\" data-id=\"b808606\" data-element_type=\"column\" data-e-type=\"column\">\n\t\t\t<div class=\"elementor-widget-wrap elementor-element-populated\">\n\t\t\t\t\t\t<div class=\"elementor-element elementor-element-26f5c5d elementor-widget elementor-widget-image\" data-id=\"26f5c5d\" data-element_type=\"widget\" data-e-type=\"widget\" data-widget_type=\"image.default\">\n\t\t\t\t<div class=\"elementor-widget-container\">\n\t\t\t\t\t\t\t\t\t\t\t\t\t\t\t<img decoding=\"async\" width=\"600\" height=\"650\" src=\"https:\/\/marmeladasamorena.es\/wp-content\/uploads\/2023\/06\/marmelada-pomelo-pistacho.jpg\" class=\"attachment-full size-full wp-image-42\" alt=\"\" srcset=\"https:\/\/marmeladasamorena.es\/wp-content\/uploads\/2023\/06\/marmelada-pomelo-pistacho.jpg 600w, https:\/\/marmeladasamorena.es\/wp-content\/uploads\/2023\/06\/marmelada-pomelo-pistacho-277x300.jpg 277w\" sizes=\"(max-width: 600px) 100vw, 600px\" \/>\t\t\t\t\t\t\t\t\t\t\t\t\t\t\t<\/div>\n\t\t\t\t<\/div>\n\t\t\t\t\t<\/div>\n\t\t<\/div>\n\t\t\t\t<div class=\"elementor-column elementor-col-25 elementor-top-column elementor-element elementor-element-ad68026\" data-id=\"ad68026\" data-element_type=\"column\" data-e-type=\"column\">\n\t\t\t<div class=\"elementor-widget-wrap elementor-element-populated\">\n\t\t\t\t\t\t<div class=\"elementor-element elementor-element-d072d4b elementor-widget elementor-widget-image\" data-id=\"d072d4b\" data-element_type=\"widget\" data-e-type=\"widget\" data-widget_type=\"image.default\">\n\t\t\t\t<div class=\"elementor-widget-container\">\n\t\t\t\t\t\t\t\t\t\t\t\t\t\t\t<img loading=\"lazy\" decoding=\"async\" width=\"600\" height=\"650\" src=\"https:\/\/marmeladasamorena.es\/wp-content\/uploads\/2023\/06\/marmelada-kumquat.jpg\" class=\"attachment-full size-full wp-image-43\" alt=\"\" srcset=\"https:\/\/marmeladasamorena.es\/wp-content\/uploads\/2023\/06\/marmelada-kumquat.jpg 600w, https:\/\/marmeladasamorena.es\/wp-content\/uploads\/2023\/06\/marmelada-kumquat-277x300.jpg 277w\" sizes=\"(max-width: 600px) 100vw, 600px\" \/>\t\t\t\t\t\t\t\t\t\t\t\t\t\t\t<\/div>\n\t\t\t\t<\/div>\n\t\t\t\t\t<\/div>\n\t\t<\/div>\n\t\t\t\t<div class=\"elementor-column elementor-col-25 elementor-top-column elementor-element elementor-element-16ba56d\" data-id=\"16ba56d\" data-element_type=\"column\" data-e-type=\"column\">\n\t\t\t<div class=\"elementor-widget-wrap elementor-element-populated\">\n\t\t\t\t\t\t<div class=\"elementor-element elementor-element-2daac3d elementor-widget elementor-widget-image\" data-id=\"2daac3d\" data-element_type=\"widget\" data-e-type=\"widget\" data-widget_type=\"image.default\">\n\t\t\t\t<div class=\"elementor-widget-container\">\n\t\t\t\t\t\t\t\t\t\t\t\t\t\t\t<img loading=\"lazy\" decoding=\"async\" width=\"600\" height=\"650\" src=\"https:\/\/marmeladasamorena.es\/wp-content\/uploads\/2023\/06\/marmelada-arando.jpg\" class=\"attachment-full size-full wp-image-44\" alt=\"\" srcset=\"https:\/\/marmeladasamorena.es\/wp-content\/uploads\/2023\/06\/marmelada-arando.jpg 600w, https:\/\/marmeladasamorena.es\/wp-content\/uploads\/2023\/06\/marmelada-arando-277x300.jpg 277w\" sizes=\"(max-width: 600px) 100vw, 600px\" \/>\t\t\t\t\t\t\t\t\t\t\t\t\t\t\t<\/div>\n\t\t\t\t<\/div>\n\t\t\t\t\t<\/div>\n\t\t<\/div>\n\t\t\t\t<div class=\"elementor-column elementor-col-25 elementor-top-column elementor-element elementor-element-26fcac3\" data-id=\"26fcac3\" data-element_type=\"column\" data-e-type=\"column\">\n\t\t\t<div class=\"elementor-widget-wrap elementor-element-populated\">\n\t\t\t\t\t\t<div class=\"elementor-element elementor-element-2a9bea4 elementor-widget elementor-widget-image\" data-id=\"2a9bea4\" data-element_type=\"widget\" data-e-type=\"widget\" data-widget_type=\"image.default\">\n\t\t\t\t<div class=\"elementor-widget-container\">\n\t\t\t\t\t\t\t\t\t\t\t\t\t\t\t<img loading=\"lazy\" decoding=\"async\" width=\"600\" height=\"650\" src=\"https:\/\/marmeladasamorena.es\/wp-content\/uploads\/2023\/06\/marmelada-pera-amendoa-2.jpg\" class=\"attachment-full size-full wp-image-47\" alt=\"\" srcset=\"https:\/\/marmeladasamorena.es\/wp-content\/uploads\/2023\/06\/marmelada-pera-amendoa-2.jpg 600w, https:\/\/marmeladasamorena.es\/wp-content\/uploads\/2023\/06\/marmelada-pera-amendoa-2-277x300.jpg 277w\" sizes=\"(max-width: 600px) 100vw, 600px\" \/>\t\t\t\t\t\t\t\t\t\t\t\t\t\t\t<\/div>\n\t\t\t\t<\/div>\n\t\t\t\t\t<\/div>\n\t\t<\/div>\n\t\t\t\t\t<\/div>\n\t\t<\/section>\n\t\t\t\t<section class=\"elementor-section elementor-top-section elementor-element elementor-element-e5ed0a6 elementor-section-boxed elementor-section-height-default elementor-section-height-default wpr-particle-no wpr-jarallax-no wpr-parallax-no wpr-sticky-section-no\" data-id=\"e5ed0a6\" data-element_type=\"section\" data-e-type=\"section\">\n\t\t\t\t\t\t<div class=\"elementor-container elementor-column-gap-default\">\n\t\t\t\t\t<div class=\"elementor-column elementor-col-33 elementor-top-column elementor-element elementor-element-bbcee94\" data-id=\"bbcee94\" data-element_type=\"column\" data-e-type=\"column\">\n\t\t\t<div class=\"elementor-widget-wrap\">\n\t\t\t\t\t\t\t<\/div>\n\t\t<\/div>\n\t\t\t\t<div class=\"elementor-column elementor-col-33 elementor-top-column elementor-element elementor-element-28d4b2e\" data-id=\"28d4b2e\" data-element_type=\"column\" data-e-type=\"column\">\n\t\t\t<div class=\"elementor-widget-wrap elementor-element-populated\">\n\t\t\t\t\t\t<div class=\"elementor-element elementor-element-06cb572 elementor-align-center elementor-widget elementor-widget-button\" data-id=\"06cb572\" data-element_type=\"widget\" data-e-type=\"widget\" data-widget_type=\"button.default\">\n\t\t\t\t<div class=\"elementor-widget-container\">\n\t\t\t\t\t\t\t\t\t<div class=\"elementor-button-wrapper\">\n\t\t\t\t\t<a class=\"elementor-button elementor-button-link elementor-size-lg\" href=\"#\">\n\t\t\t\t\t\t<span class=\"elementor-button-content-wrapper\">\n\t\t\t\t\t\t\t\t\t<span class=\"elementor-button-text\">DESC\u00daBRELAS<\/span>\n\t\t\t\t\t<\/span>\n\t\t\t\t\t<\/a>\n\t\t\t\t<\/div>\n\t\t\t\t\t\t\t\t<\/div>\n\t\t\t\t<\/div>\n\t\t\t\t\t<\/div>\n\t\t<\/div>\n\t\t\t\t<div class=\"elementor-column elementor-col-33 elementor-top-column elementor-element elementor-element-c41cd1d\" data-id=\"c41cd1d\" data-element_type=\"column\" data-e-type=\"column\">\n\t\t\t<div class=\"elementor-widget-wrap\">\n\t\t\t\t\t\t\t<\/div>\n\t\t<\/div>\n\t\t\t\t\t<\/div>\n\t\t<\/section>\n\t\t\t\t<\/div>\n\t\t","protected":false},"excerpt":{"rendered":"<p>SOMOS Mi Abuela&#8230; A Morena El nombre de A Morena viene de mi abuela Isabel, la \u00fanica hermana morena entre todas las rubias. Yo soy Cristina, \u00aba neta da Morena\u00bb. Regres\u00e9 a mi aldea, Sargadelos, a iniciar este proyecto de mermeladas artesanas y respetuosas con el medio ambiente, dar un giro a la vida, vivir feliz y satisfecha con el trabajo realizado cada d\u00eda. El sonido del agua, el viento en los \u00e1rboles y la calma combinados con el esfuerzo y dedicaci\u00f3n de nuestro trabajo nos permiten ofrecer un producto delicioso. Una exquisita mermelada. Nuestro obrador Nuestro obrador est\u00e1 donde Raimundo Ib\u00e1\u00f1ez (Marqu\u00e9s de Sargadelos) comenz\u00f3 su andadura industrial a finales del S. XVIII, en el Conjunto Hist\u00f3rico Art\u00edstico de Sargadelos (Cervo) en la provincia de Lugo. El Marqu\u00e9s impuls\u00f3 la industrializaci\u00f3n de la zona, creando la primera siderurgia integral de Espa\u00f1a que se pone en marcha en 1791. Entre 1804 y 1807 se sit\u00faa el nacimiento de la f\u00e1brica de cer\u00e1mica que supuso el primer establecimiento evolucionado de este sector en el pa\u00eds. Est\u00e1 ubicado en uno de los edificios que formaba parte del complejo industrial de las antiguas f\u00e1bricas, concretamente en la nave que funcionaba como almac\u00e9n de productos, y que es una de las pocas edificaciones de la \u00e9poca que se conservan intactas en nuestros d\u00edas. Amparados por el r\u00edo Xunco, el monte Escarabelada, el Paseo de los Enamorados y la Historia. Un lugar perfecto para cocinar con calma, mimo y paciencia. Conoce el verdadero sabor&#8230; DESC\u00daBRELAS<\/p>\n","protected":false},"author":1,"featured_media":0,"parent":0,"menu_order":0,"comment_status":"closed","ping_status":"closed","template":"elementor_canvas","meta":{"footnotes":""},"class_list":["post-60","page","type-page","status-publish"],"aioseo_notices":[],"_links":{"self":[{"href":"https:\/\/marmeladasamorena.es\/index.php\/wp-json\/wp\/v2\/pages\/60","targetHints":{"allow":["GET"]}}],"collection":[{"href":"https:\/\/marmeladasamorena.es\/index.php\/wp-json\/wp\/v2\/pages"}],"about":[{"href":"https:\/\/marmeladasamorena.es\/index.php\/wp-json\/wp\/v2\/types\/page"}],"author":[{"embeddable":true,"href":"https:\/\/marmeladasamorena.es\/index.php\/wp-json\/wp\/v2\/users\/1"}],"replies":[{"embeddable":true,"href":"https:\/\/marmeladasamorena.es\/index.php\/wp-json\/wp\/v2\/comments?post=60"}],"version-history":[{"count":28,"href":"https:\/\/marmeladasamorena.es\/index.php\/wp-json\/wp\/v2\/pages\/60\/revisions"}],"predecessor-version":[{"id":276,"href":"https:\/\/marmeladasamorena.es\/index.php\/wp-json\/wp\/v2\/pages\/60\/revisions\/276"}],"wp:attachment":[{"href":"https:\/\/marmeladasamorena.es\/index.php\/wp-json\/wp\/v2\/media?parent=60"}],"curies":[{"name":"wp","href":"https:\/\/api.w.org\/{rel}","templated":true}]}}